{"id":61,"date":"2013-08-28T11:26:43","date_gmt":"2013-08-28T11:26:43","guid":{"rendered":"http:\/\/hannberg.com\/?page_id=61"},"modified":"2014-06-24T08:45:42","modified_gmt":"2014-06-24T08:45:42","slug":"chronik","status":"publish","type":"page","link":"http:\/\/hannberg.com\/?page_id=61","title":{"rendered":"Chronik"},"content":{"rendered":"<p><span style=\"text-decoration: underline;\"><strong>Stammtisch der Nimmerm\u00fcden Hannberg e.V. 1981<\/strong><\/span><\/p>\n<p><b><span style=\"text-decoration: underline;\">Gr\u00fcndungsmitglieder:<\/span><\/b><b><\/b><\/p>\n<p style=\"text-align: justify;\" align=\"center\">Baum\u00fcller Georg <i>(Hannberg)<\/i>, Baum\u00fcller Georg <i>(R\u00f6hrach jetzt Dond\u00f6rflein)<\/i>, Baum\u00fcller Manfred <i>(R\u00f6hrach)<\/i>, Biermann Erwin <i>(Hannberg jetzt He\u00dfdorf)<\/i>, Biermann Manfred <i>(Hannberg jetzt He\u00dfdorf)<\/i>, B\u00fcttner Andreas\u00a0<i>(Hannberg jetzt Zentbechofen)<\/i>, Dengler Andreas <i>(Hannberg)<\/i>, Geier Joachim <i>(Hannberg jetzt Baiersdorf)<\/i>, Hauptmann Roland <i>(leider schon verstorben)<\/i>, Jung Herbert\u00a0<i>(Hannberg jetzt Hirschaid)<\/i>, Mirschberger Norbert\u00a0<i>(Hannberg)<\/i>, R\u00f6del Richard\u00a0<i>(Hannberg jetzt Klebheim)<\/i>, Schickert Andreas\u00a0<i>(R\u00f6hrach)<\/i> und Walter Manfred\u00a0<i>(Hannberg<\/i> <i>jetzt Erlangen).<\/i><\/p>\n<p style=\"text-align: justify;\" align=\"center\">Nun musste nur noch ein geeigneter Name gefunden werden. Nach reichlichen \u00dcberlegungen hatte dann Hans Arold die Idee, den Stammtisch in \u201eStammtisch die Nimmerm\u00fcden Hannberg\u201c zu benennen.<\/p>\n<p style=\"text-align: justify;\" align=\"center\">Der Sinn des Stammtisches bestand darin, sich regelm\u00e4\u00dfig im Vereinslokal Baum\u00fcller zu treffen. Au\u00dferdem sollte mit einer Stammtischmannschaft an Fu\u00dfballfreizeitturnieren teilgenommen werden.<\/p>\n<p style=\"text-align: justify;\" align=\"center\">Als Vereinsbeitrag wurden 5,- DM pro Monat vereinbart. Mit dem aktuellen Beitrag von 30,- EUR\u00a0 pro Jahr sind die Nimmerm\u00fcden wahrscheinlich der einzige Verein, der seinen Vereinsbeitrag seit\u00a032 Jahren nicht erh\u00f6ht hat.<\/p>\n<p style=\"text-align: justify;\" align=\"center\">Au\u00dferdem wurden folgende Regeln festgelegt. Wie damals ist auch Heute noch an jedem zweiten Mittwoch Stammtisch im Gasthaus Baum\u00fcller. Jedes unentschuldigte Fehlen musste mit 2,- DM bezahlt werden. Diese Regel wurde nach einigen Jahren wieder abgeschafft.<\/p>\n<p style=\"text-align: justify;\" align=\"center\">Veranstaltungen wie der Herrentagsausflug, der Besuch der Erlanger Bergkirchweih, Johannisfeuer und die Organisation der Kirchweihbr\u00e4uche wurden damals schon von den Nimmerm\u00fcden durchgef\u00fchrt.<\/p>\n<p style=\"text-align: justify;\" align=\"center\">Die erste gr\u00f6\u00dfere Vereinsveranstaltung wurde 1987 gefeiert. Unter der Regie des 1.Vorstandes Joachim Geier wurde mit einem Jahr Versp\u00e4tung das 5 j\u00e4hrige Bestehen gefeiert. Die Jubil\u00e4umsveranstaltung fand 1987 bereits am Keller in Hannberg statt. An zwei Tagen wurde gefeiert und ein Fu\u00dfballturnier ausgetragen.<\/p>\n<p style=\"text-align: justify;\" align=\"center\">1989 wurde unter der Leitung des 1.Vorstandes Joachim Geier das alte Gefrierhaus gepachtet und renoviert. Zuerst als Lagerraum gedacht wurde schnell ein schmuckes Vereinsheim geschaffen. Besonderer Dank gilt dem Ehrenmitglied Heinrich Geier, dieser hat mit den 14 Eigent\u00fcmern der Gefrieranlage gesprochen und einen Pachtvertrag zugunsten der Nimmerm\u00fcden ausgehandelt.<\/p>\n<p style=\"text-align: left;\"><b><span style=\"text-decoration: underline;\"><a href=\"http:\/\/hannberg.com\/wp-content\/uploads\/2013\/08\/kellerhaus.jpg\"><img loading=\"lazy\" decoding=\"async\" class=\"size-full wp-image-62\" alt=\"kellerhaus\" src=\"http:\/\/hannberg.com\/wp-content\/uploads\/2013\/08\/kellerhaus.jpg\" width=\"512\" height=\"384\" srcset=\"http:\/\/hannberg.com\/wp-content\/uploads\/2013\/08\/kellerhaus.jpg 512w, http:\/\/hannberg.com\/wp-content\/uploads\/2013\/08\/kellerhaus-300x225.jpg 300w, http:\/\/hannberg.com\/wp-content\/uploads\/2013\/08\/kellerhaus-400x300.jpg 400w\" sizes=\"(max-width: 512px) 100vw, 512px\" \/><\/a><\/span><\/b><\/p>\n<p style=\"text-align: left;\"><b><span style=\"text-decoration: underline;\">Auszug aus dem Pachtvertrag vom 15.07.1989<\/span><\/b><\/p>\n<p style=\"text-align: justify;\" align=\"center\"><i>Die Eigent\u00fcmer der Flst.Nr.152\/2 in Hannberg, verpachten das bezeichnete Anwesen an die Gemeinschaft \u201eStammtisch die Nimmerm\u00fcden\u201c in Hannberg auf die Dauer von 10 Jahren, beginnend mit dem 01. Juli 1989 zu einem Pachtpreis von j\u00e4hrlich DM 5,-. Die Pacht f\u00fcr die gesamte Vertragsdauer von 10 Jahren, in H\u00f6he von DM 50,- ist sofort zur Zahlung f\u00e4llig.<\/i><\/p>\n<p style=\"text-align: justify;\" align=\"center\">Die von Karl Windisch gezahlte Pacht, wurde von den Eigent\u00fcmern zum Anlass der Einweihung des Kellerhauses an die Nimmerm\u00fcden gespendet. Nat\u00fcrlich wurde das renovierte Kellerhaus mit einem Fest\u00a0 im Juli 1989 eingeweiht. Den g\u00f6ttlichen Segen erteilte unser damaliger Pfarrer Fritz Fr\u00f6hlich. Schirmherr war Karl Windisch. Die Gemeinde He\u00dfdorf war durch den dritten B\u00fcrgermeister Heinrich Geier vertreten. Als Geschenk \u00fcberreichte Heiner ein Fa\u00df Bier, dass er nat\u00fcrlich auch anstechen musste. Als Zuschauermagnet entpuppte sich am Sonntag das Gaudifu\u00dfballspiel zwischen einer Stammtisch-Damen-Mannschaft und einer Alt-Herren-Mannschaft aus Hannberg. Bei der Dynamik der jungen Frauen und der Routine der \u00e4lteren Herren gab es jede Menge blaue Flecken.<\/p>\n<p style=\"text-align: justify;\" align=\"center\">1990 wurde unter der Regie des 1. Vorstandes Manfred Biermann das Kellerhaus umgebaut. Mit der Hilfe von B\u00fcrgermeister Helmut Maar wurde das Kellerhaus mit einer Wasserleitung und einem Abwasserkanal erschlossen. Nun konnte endlich eine Toilettenanlage und eine K\u00fcche eingebaut werden. Um die anstehenden Umbaukosten bezahlen zu k\u00f6nnen, musste jedes Mitglied einmalig DM 50,- bezahlen. Dieser Betrag wird seitdem beim Eintritt in den Stammtisch als Aufnahmegeb\u00fchr\u00a0 f\u00e4llig.<\/p>\n<p style=\"text-align: justify;\" align=\"center\">Mit einem Mammutprogramm wurde 1991 das 10j\u00e4hrige Vereinsjubil\u00e4um gefeiert. Das vom damaligen 1.Vorstand Manfred Biermann organisierte Fest wurde mit einem Fu\u00dfballturnier und einer Theater-Auff\u00fchrung 3 Tage lang gefeiert. Das erste Theaterst\u00fcck \u201eDie L\u00fcgenglocke\u201c, das eigens f\u00fcr das Jubil\u00e4um einstudiert wurde, musste wegen der gro\u00dfen Nachfrage am Sonntag wiederholt werden. Auf dem Schulsportplatz wurde gleichzeitig ein Fu\u00dfballturnier mit 8 Mannschaften ausgetragen.<\/p>\n<p style=\"text-align: justify;\" align=\"center\">1992 wurde vom damaligen 1. Vorstand Dieter Walter der erste Vereinsausflug organisiert. Am 15.08.92 ging die erste Reise der Nimmerm\u00fcden zum Openair der \u201eSch\u00fcrzenj\u00e4ger\u201c ins Zillertal nach \u00d6sterreich.<\/p>\n<p style=\"text-align: justify;\" align=\"center\">1996 haben sich f\u00fcr den Stammtisch wohl die wichtigsten Ver\u00e4nderungen ereignet. Da der Pachtvertrag f\u00fcr das voll renovierte und erschlossene Vereinsheim nur noch bis 1999 g\u00fcltig war, hatte die Vorstandschaft die Idee, dass ehemalige Gefrierhaus zu kaufen. Die Umsetzung dieser Idee sollte nicht ganz einfach werden. Zusammen mit Karl Windisch machten sich der 1. Vorstand Dieter Walter und der Kassier Werner Baum\u00fcller an die Arbeit, diese Idee in die Tat umzusetzen.<\/p>\n<p style=\"text-align: justify;\" align=\"center\">Um \u00fcberhaupt ein Grundst\u00fcck besitzen zu k\u00f6nnen, musste der Stammtisch in einen Verein umgewandelt werden. Vor der Gr\u00fcndung mussten nat\u00fcrlich noch einige Formalit\u00e4ten erledigt werden. Es wurde eine f\u00fcr unseren Verein passende Satzung erstellt. Diese wurde vorab vom Finanzamt und vom Amtsgericht gepr\u00fcft. Am 14.01.1996 war es dann soweit, im Vereinslokal \u201eGasthaus Baum\u00fcller\u201c haben 22 Mitglieder der Satzung zugestimmt und den Verein \u201eDie Nimmerm\u00fcden Hannberg e.V.\u201c gegr\u00fcndet.<\/p>\n<p style=\"text-align: justify;\" align=\"center\"><b><span style=\"text-decoration: underline;\">Satzung: \u00a7 3 Zweck des Vereins<\/span><\/b><\/p>\n<p><i>1.\u00a0\u00a0\u00a0\u00a0\u00a0\u00a0 Der Verein \u201eStammtisch der Nimmerm\u00fcden Hannberg e.V.\u201c will der Sache \u201eF\u00f6rderung der Dorfgemeinschaft und dem Erhalt des Brauchtums\u201c dienen.<\/i><\/p>\n<p><i>2.\u00a0\u00a0\u00a0\u00a0\u00a0\u00a0 Der Satzungszweck wird insbesondere verwirklicht durch:<\/i><\/p>\n<p style=\"padding-left: 30px;\"><i>a)\u00a0\u00a0\u00a0\u00a0\u00a0\u00a0 Veranstaltungen, die das Brauchtum erhalten und die Dorfgemeinschaft verbessern sollen.<\/i><\/p>\n<p style=\"padding-left: 30px;\"><i>b)\u00a0\u00a0\u00a0\u00a0\u00a0 Freizeitgestaltung durch sportliche Aktivit\u00e4ten (z.B. Fu\u00dfballspiele gegen Freizeit-Mannschaften ).<\/i><\/p>\n<p style=\"padding-left: 30px;\"><i>c)\u00a0\u00a0\u00a0\u00a0\u00a0\u00a0 Mitwirkung bei der Dorfversch\u00f6nerung<\/i><\/p>\n<p style=\"padding-left: 30px;\"><i>d)\u00a0\u00a0\u00a0\u00a0\u00a0\u00a0 Durchf\u00fchrung von Versammlungen, Vortr\u00e4gen, Kursen und Ausfl\u00fcgen<\/i><\/p>\n<p style=\"padding-left: 30px;\"><i>e)\u00a0\u00a0\u00a0\u00a0\u00a0\u00a0 Unterst\u00fctzung von gemeinn\u00fctzigen Einrichtungen<\/i><\/p>\n<p style=\"padding-left: 30px;\">f)\u00a0\u00a0\u00a0\u00a0\u00a0\u00a0\u00a0\u00a0 <i><span style=\"font-size: medium;\">Information der Mitglieder durch regelm\u00e4\u00dfige Sitzungen<\/span><\/i><\/p>\n<p>In die erste Vorstandschaft des eingetragenen Vereins (1996) wurden gew\u00e4hlt:<\/p>\n<p style=\"padding-left: 30px;\">1. Vorstand\u00a0 Dieter Walter<\/p>\n<p style=\"padding-left: 30px;\">2. Vorstand\u00a0 Joachim Geier<\/p>\n<p style=\"padding-left: 30px;\">Schriftf\u00fchrer\u00a0 Manfred Biermann<\/p>\n<p style=\"padding-left: 30px;\">Kassier\u00a0 Werner Baum\u00fcller<\/p>\n<p style=\"text-align: justify;\">Nachdem unser Verein gegr\u00fcndet worden war,\u00a0konnte nun der Erwerb des Kellerhauses forciert werden. Unter der Regie von Karl Windisch und Dieter Walter wurden die Verhandlungen mit den 14 Eigent\u00fcmern gef\u00fchrt und abgeschlossen. Am 29.03.1996\u00a0konnte in Anwesenheit der 14 Eigent\u00fcmer und dem Notar Dr. Scholzen der Kaufvertrag vom Vorstand Dieter Walter unterschrieben werden. Der Kaufpreis von DM 8.500,- wurde sofort in bar an die\u00a0 Eigent\u00fcmer ausbezahlt.<\/p>\n<p style=\"text-align: justify;\">Die Nimmerm\u00fcden bedanken sich nochmals bei den fr\u00fcheren Eigent\u00fcmern der Gefrieranlage f\u00fcr die fairen Verhandlungen und Konditionen. Besonderer Dank gilt unserem Ehrenmitglied Karl Windisch, ohne seine Hilfe h\u00e4tten wir unser Vereinsheim nicht erwerben k\u00f6nnen.<\/p>\n<p style=\"text-align: justify;\">1997 wurde durch Joachim Geier die erste mehrt\u00e4gige Radtour organisiert. Auf dem Altm\u00fchltal-Radweg f\u00fchrte uns die Tour von Treuchtlingen bis Regensburg. Die mehrt\u00e4gige Fahrradtour ist seitdem ein fester Bestandteil im Veranstaltungskalender der Nimmerm\u00fcden. Vielen Dank an Joachim Geier f\u00fcr die hervorragende Organisation der Fahrradtouren in den vergangenen Jahren.<\/p>\n<p style=\"text-align: justify;\">Im gleichen Jahr haben wir zusammen mit der Raiffeisenbank Seebachgrund das erste Ballonmeeting organisiert, eine ganz besondere Herausforderung f\u00fcr unseren Verein. Die Bewirtung f\u00fcr \u00fcber eintausend G\u00e4ste auf freiem Flur gestaltete sich beim ersten Mal sehr schwierig. Als um 17.00 Uhr kr\u00e4ftige Regenschauer mit Gewitter durch den Seebachgrund zogen, war das Fest eigentlich schon abgesagt. Doch als 2 Stunden sp\u00e4ter bei strahlendem Sonnenschein riesige Menschenmengen das erste Ballonmeeting besucht haben, ging das Chaos erst richtig los. Zu wenig Essen, zu wenig Bier und riesige Warteschlangen. Aber wir haben aus unseren Fehlern gelernt, heute ist unser Verein auf die Verpflegung von gro\u00dfen Besuchermengen eingerichtet. Mit zwei riesigen Grill\u00b4s, einen eigenen WC-Wagen, gro\u00dfem Stromaggregat und optimaler Versorgung durch unsere Lieferanten, haben wir Veranstaltungen wie das Ballonmeeting\u00a0fest im Griff. 2013 wurde bereits das 17. Ballonmeeting veranstaltet.<\/p>\n<p style=\"text-align: justify;\">1998 haben wir zusammen mit drei weiteren Stammtischen den ersten Faschingsball der Stammtische ins Leben gerufen. Die Idee dazu wurde bereits ein Jahr zuvor beim 50. Geburtstag unseres Mitgliedes und Messners Helmut Walter geboren.<\/p>\n<p style=\"text-align: justify;\">Vielen Dank an den 1. B\u00fcrgermeister Helmut Maar, der bereits 1997 obwohl sich die Sporthalle Seebachgrund noch im Rohbau befand, diese Idee voll unterst\u00fctzte.<\/p>\n<p style=\"text-align: justify;\">Schnell wurde ein Konzept erstellt, und mit den \u201eMoskitos\u201c die damalige Topband engagiert. Zusammen mit den Stammtischen \u201eLindier Lausbum\u201c, \u201eKlebheimer Knatzer\u201c und dem \u201e1. FCN Stammtisch He\u00dfdorf\u201c fand am 17.01.1998 der 1. Faschingsball der Stammtische und somit auch die erste Veranstaltung in der Sporthalle Seebachgrund statt. Alle bisherigen neun Veranstaltungen waren bisher ausverkauft. Heute ist der Faschingsball der Stammtische einer der best besuchtesten\u00a0 Veranstaltungen im Landkreis.<\/p>\n<p style=\"text-align: justify;\">Im Dezember 1999 hie\u00df es dann \u201eSki heil\u201c f\u00fcr die Nimmerm\u00fcden. Zur ersten Skitour ging es nach Saalbach-Hinterglemm. Besonders beeindruckte die Fahrt mit der Pistenraupe zum Spielberghaus.<\/p>\n<p style=\"text-align: justify;\">Am 26.05.2001\u00a0haben wir \u00a0im Kreise unserer Mitglieder, deren Familien, Nachbarstammtischen und den G\u00f6nnern unseres Vereins, das 20 j\u00e4hrige Vereinsjubil\u00e4um gefeiert. In der festlich dekorierten Winkelmann-Scheune,\u00a0wurde unseren G\u00e4sten ein buntes und unterhaltsames Programm pr\u00e4sentiert. Nach der Ansprache des 1.Vorstandes Dieter Walter und dem Gru\u00dfwort des\u00a0 1.B\u00fcrgermeisters Helmut Maar wurde durch Joachim Geier ein Bilder-R\u00fcckblick inklusive Modenschau pr\u00e4sentiert. Ein weiterer H\u00f6hepunkt des Festes war der Auftritt von Manfred Biermann und Axel Gotthardt. Die Beiden sorgten mit selbst getexteten Stammtischliedern f\u00fcr eine lustige Unterhaltung unserer G\u00e4ste. Mit uriger Stimmungsmusik der Heckenmusikanten ging die Feier bis in die fr\u00fchen Morgenstunden.<\/p>\n<p style=\"text-align: justify;\">Im Rahmen des Jubil\u00e4ums haben wir zusammen mit den Stammtischen \u201eLindier Lausbum\u201c und dem 1.FCN Stammtisch eine Spende von 1000,- DM an die Selbsthilfegruppe Erlangen\/N\u00fcrnberg f\u00fcr herzkranke Kinder \u00fcbergeben.<\/p>\n<p style=\"text-align: justify;\">Bis heute haben die drei Stammtische <b><span style=\"font-size: medium;\">3700,- EURO<\/span><\/b> an wohlt\u00e4tige Einrichtungen gespendet.<\/p>\n<p style=\"text-align: justify;\">Nat\u00fcrlich organisiert unser Verein nicht nur Feste f\u00fcr die Allgemeinheit. Jahr f\u00fcr Jahr haben unser Mitglieder und deren Familien die M\u00f6glichkeit an stammtischinterne Veranstaltungen, wie zum Beispiel Vatertagsausflug, Besuch der Erlanger Bergkirchweih, Fahrradtouren, St\u00e4dtefahrten, Familienzeltlager in Wallenfels, M\u00e4nnerwochenende, Training in der Sporthalle, Weihnachtsfeier und am Jahresabschlussessen teilzunehmen. Jede dieser Veranstaltungen wird vom Verein finanziell erheblich subventioniert.<\/p>\n<p style=\"text-align: justify;\">Seit 2002 organisiert Klaus Friedel und Georg Willert das Stammtisch-Familien-Zeltlager in Wallenfels. Auf dem direkt an der wilden Rodach gelegenen Zeltplatz haben vor allem die Kinder die M\u00f6glichkeit sich richtig auszutoben. Ob im Schwimmbad oder beim Volleyball es ist f\u00fcr jeden etwas dabei. Mittlerweile nehmen bis zu 90 Personen am Zeltlager teil. F\u00fcr die organisatorische Meisterleistung ein herzliches Dankesch\u00f6n an Georg und Klaus.<\/p>\n<p style=\"text-align: justify;\">2003 fand unsere erste St\u00e4dtefahrt nach Wien statt. In den folgenden Jahren konnten unsere Mitglieder und deren Lebensgef\u00e4hrtinnen die St\u00e4dte Berlin, Hamburg und K\u00f6ln besuchen. Die von Kurt Blum und Dieter Walter organisierten Fahrten zeichnen sich insbesondere durch nicht allt\u00e4gliche F\u00fchrungen und Besichtigungen wie z. B. im Bundestag, am Frankfurter Flughafen, im Braunkohletagebau oder einer Werksbesichtigung bei Volkswagen aus. Au\u00dferdem werden Stadtrundfahrten und Musicalbesuche angeboten. Nat\u00fcrlich hat jeder Teilnehmer gen\u00fcgend Zeit die St\u00e4dte auf eigene Faust zur erkunden.<\/p>\n<p style=\"text-align: justify;\">2005 war mal wieder eine Generalsanierung unseres Vereinsheims notwendig. Unter der Regie des 1.Vorstandes Kurt Blum sollten zuerst nur neue Fenster eingebaut werden. Jedoch wurde w\u00e4hrend der Bauarbeiten beschlossen, den kompletten Gastraum zu \u00e4ndern. Es wurde eine Wand abgerissen und so ein gro\u00dfer Raum geschaffen. Im Anschluss wurde noch eine neue K\u00fcche installiert und die Fassade gestrichen.<\/p>\n<p style=\"text-align: justify;\">Wir bedanken uns hiermit noch mal bei allen Helfern f\u00fcr die gro\u00dfartige Unterst\u00fctzung bei den Renovierungsarbeiten.<\/p>\n<p style=\"text-align: justify;\">2006 standen noch zwei weitere Jubil\u00e4en auf dem Programm. So fand vom 27.05. bis zum 31.05.2006 die 10. Fahrradtour auf der Baleareninsel Mallorca statt. Gef\u00fchrt und organisiert wurde auch diese Tour von unserem vereinsinternen Radelscout Joachim Geier.<\/p>\n<p style=\"text-align: justify;\">Ein Monat sp\u00e4ter folgte dann das 10.Ballonmeeting der Raiffeisenbank Seebachgrund eG.\u00a0 Bei strahlendem Sonnenschein und mehr als 1500 Besuchern konnten am 23. Juni alle 18 Hei\u00dfluftballons starten. Zum Jubil\u00e4um wurde von der Raiffeisenbank ein weiterer Ballon angeschafft und eingeweiht. Herzlichen Dank an die Raiffeisenbank Seebachgrund eG f\u00fcr das Vertrauen und die hervorragende Kooperation in den vergangenen 25 Jahren.<\/p>\n<p style=\"text-align: justify;\">F\u00fcr die Unterst\u00fctzung und Zusammenarbeit in den letzten\u00a032 Jahren bedanken wir uns besonders bei den B\u00fcrgermeistern\u00a0Helmut Maar, Horst Rehder und\u00a0ihren Mitarbeitern, bei der Raiffeisenbank Seebachgrund eG, bei unserem Vereinswirt Hans Baum\u00fcller mit Familie, bei unserer Brauerei Benno Wirth mit Familie, bei allen Mitgliedern, G\u00f6nnern, Helfern und Sponsoren.<\/p>\n<p style=\"text-align: justify;\">Man sieht, die Nimmerm\u00fcden sind einer der aktivsten Vereine in der Gemeinde. Mit unserem Festprogramm zum 25-j\u00e4hrigen Bestehen werden wir auch diesem Image weiterhin gerecht.<\/p>\n<p><b><span style=\"text-decoration: underline;\">1.Vorst\u00e4nde von 1981 bis 1995<\/span><\/b><\/p>\n<p style=\"padding-left: 30px;\">\u00a01981 \u2013 1982\u00a0 <b><span style=\"font-size: medium;\">Richard R\u00f6del<\/span><\/b><\/p>\n<p style=\"padding-left: 30px;\">1982 \u2013 1987\u00a0 <b><span style=\"font-size: medium;\">Erwin Biermann<\/span><\/b><\/p>\n<p style=\"padding-left: 30px;\">1987 \u2013 1989\u00a0 <b><span style=\"font-size: medium;\">Joachim Geier<\/span><\/b><\/p>\n<p style=\"padding-left: 30px;\">1989 \u2013 1992\u00a0 <b><span style=\"font-size: medium;\">Manfred Biermann<\/span><\/b><\/p>\n<p style=\"padding-left: 30px;\">1992 \u2013 2002\u00a0 <b><span style=\"font-size: medium;\">Dieter Walter<\/span><\/b><\/p>\n<p><b><span style=\"text-decoration: underline;\">Kassier von 1982 bis 1995<\/span><\/b><\/p>\n<p style=\"padding-left: 30px;\">1982 \u2013 1990\u00a0 <b><span style=\"font-size: medium;\">Georg Baum\u00fcller<\/span><\/b><\/p>\n<p style=\"padding-left: 30px;\">1990 \u2013 2005 <b><span style=\"font-size: medium;\">\u00a0Werner Baum\u00fcller<\/span><\/b><\/p>\n<p><b><span style=\"text-decoration: underline;\">Vorstandschaft 1996 bis 1998<\/span><\/b><\/p>\n<p style=\"padding-left: 30px;\">1. Vorstand\u00a0<b> Dieter Walter<\/b><\/p>\n<p style=\"padding-left: 30px;\">2. Vorstand\u00a0<b> Joachim Geier<\/b><\/p>\n<p style=\"padding-left: 30px;\">Kassier\u00a0<b> Werner Baum\u00fcller<\/b><\/p>\n<p style=\"padding-left: 30px;\">Schriftf\u00fchrer <strong>Manfred Biermann<\/strong><\/p>\n<p><b><span style=\"text-decoration: underline;\">Vorstandschaft 1999 bis 2001<\/span><\/b><\/p>\n<p style=\"padding-left: 30px;\">1. Vorstand\u00a0<b> <span style=\"font-size: medium;\">Dieter Walter<\/span><\/b><\/p>\n<p style=\"padding-left: 30px;\">2. Vorstand\u00a0<b> <span style=\"font-size: medium;\">Kurt Blum<\/span><\/b><\/p>\n<p style=\"padding-left: 30px;\">Kassier<b>\u00a0 <span style=\"font-size: medium;\">Werner Baum\u00fcller<\/span><\/b><\/p>\n<p style=\"padding-left: 30px;\">Schriftf\u00fchrer<b>\u00a0\u00a0<span style=\"font-size: medium;\">Bernd Hauptmann<\/span><\/b><\/p>\n<p><b><span style=\"text-decoration: underline;\">Vorstandschaft 2002 bis 2004<\/span><\/b><\/p>\n<p style=\"padding-left: 30px;\">1. Vorstand\u00a0\u00a0<b><span style=\"font-size: medium;\">Kurt Blum<\/span><\/b><\/p>\n<p style=\"padding-left: 30px;\">2. Vorstand\u00a0\u00a0<b><span style=\"font-size: medium;\">Dieter Walter<\/span><\/b><\/p>\n<p style=\"padding-left: 30px;\">Kassier<b>\u00a0 <span style=\"font-size: medium;\">Werner Baum\u00fcller<\/span><\/b><\/p>\n<p style=\"padding-left: 30px;\">Schriftf\u00fchrer<b> <span style=\"font-size: medium;\">Bernd Hauptmann<\/span><\/b><\/p>\n<p><b><span style=\"text-decoration: underline;\">Vorstandschaft 2005 bis 2007<\/span><\/b><\/p>\n<p style=\"padding-left: 30px;\">1. Vorstand\u00a0<b> <span style=\"font-size: medium;\">Kurt Blum<\/span><\/b><\/p>\n<p style=\"padding-left: 30px;\">2. Vorstand\u00a0\u00a0<b> <span style=\"font-size: medium;\">Bernd Hauptmann<\/span><\/b><\/p>\n<p style=\"padding-left: 30px;\">Kassier<b>\u00a0 <span style=\"font-size: medium;\">Dieter Walter<\/span><\/b><\/p>\n<p style=\"padding-left: 30px;\">Schriftf\u00fchrer<b>\u00a0\u00a0<span style=\"font-size: medium;\">Bernd Arold<\/span><\/b><\/p>\n<p>\u00a0<b><span style=\"text-decoration: underline;\">Vorstandschaft 2008 bis 2010<\/span><\/b><\/p>\n<p style=\"padding-left: 30px;\">1. Vorstand\u00a0<b> <span style=\"font-size: medium;\">Kurt Blum<\/span><\/b><\/p>\n<p style=\"padding-left: 30px;\">2. Vorstand\u00a0\u00a0\u00a0<b><span style=\"font-size: medium;\">Bernd Arold<\/span><\/b><\/p>\n<p style=\"padding-left: 30px;\">Kassier\u00a0<b>\u00a0<span style=\"font-size: medium;\">Markus Windisch<\/span><\/b><\/p>\n<p style=\"padding-left: 30px;\">Schriftf\u00fchrer<b>\u00a0\u00a0<span style=\"font-size: medium;\">Bernd Hauptmann<\/span><\/b><\/p>\n<p><b>\u00a0<span style=\"text-decoration: underline;\">Vorstandschaft 2011 bis 2013<\/span><\/b><\/p>\n<p style=\"padding-left: 30px;\">1. Vorstand\u00a0<b> <span style=\"font-size: medium;\">Kurt Blum<\/span><\/b><\/p>\n<p style=\"padding-left: 30px;\">2. Vorstand\u00a0\u00a0\u00a0<b><span style=\"font-size: medium;\">Bernd Hauptmann<\/span><\/b><\/p>\n<p style=\"padding-left: 30px;\">Kassier<b>\u00a0\u00a0<span style=\"font-size: medium;\">Markus Windisch<\/span><\/b><\/p>\n<p style=\"padding-left: 30px;\">Schriftf\u00fchrer<b>\u00a0\u00a0<span style=\"font-size: medium;\">Thomas Winkelmann<\/span><\/b><\/p>\n<p><b>\u00a0<span style=\"text-decoration: underline;\">Aktuelle Vorstandschaft 2014 bis 2016<\/span><\/b><\/p>\n<p style=\"padding-left: 30px;\">1. Vorstand\u00a0<b> Kurt Blum<\/b><\/p>\n<p style=\"padding-left: 30px;\">2. Vorstand\u00a0\u00a0\u00a0<b>Bernd Hauptmann<\/b><\/p>\n<p style=\"padding-left: 30px;\">Kassier<b>\u00a0\u00a0Markus Windisch<\/b><\/p>\n<p style=\"padding-left: 30px;\">Schriftf\u00fchrer<b>\u00a0\u00a0Norman Ritter<\/b><b><\/b>\u00a0<\/p>\n<p>Wir bedanken uns bei allen ehemaligen Vorst\u00e4nden und Vorstandsmitgliedern die mit Ihrem Engagement zum Wohle unseres Verein\u00b4s beigetragen haben.<\/p>\n<p style=\"text-align: justify;\" align=\"center\">\u00a0<\/p>\n","protected":false},"excerpt":{"rendered":"<p>Stammtisch der Nimmerm\u00fcden Hannberg e.V. 1981 Gr\u00fcndungsmitglieder: Baum\u00fcller Georg (Hannberg), Baum\u00fcller Georg (R\u00f6hrach jetzt Dond\u00f6rflein), Baum\u00fcller Manfred (R\u00f6hrach), Biermann Erwin (Hannberg jetzt He\u00dfdorf), Biermann Manfred (Hannberg jetzt He\u00dfdorf), B\u00fcttner Andreas\u00a0(Hannberg jetzt Zentbechofen), Dengler Andreas (Hannberg), Geier Joachim (Hannberg jetzt Baiersdorf), &hellip; <a href=\"http:\/\/hannberg.com\/?page_id=61\">Weiterlesen <span class=\"meta-nav\">&rarr;<\/span><\/a><\/p>\n","protected":false},"author":1,"featured_media":0,"parent":0,"menu_order":0,"comment_status":"open","ping_status":"open","template":"","meta":{"footnotes":""},"_links":{"self":[{"href":"http:\/\/hannberg.com\/index.php?rest_route=\/wp\/v2\/pages\/61"}],"collection":[{"href":"http:\/\/hannberg.com\/index.php?rest_route=\/wp\/v2\/pages"}],"about":[{"href":"http:\/\/hannberg.com\/index.php?rest_route=\/wp\/v2\/types\/page"}],"author":[{"embeddable":true,"href":"http:\/\/hannberg.com\/index.php?rest_route=\/wp\/v2\/users\/1"}],"replies":[{"embeddable":true,"href":"http:\/\/hannberg.com\/index.php?rest_route=%2Fwp%2Fv2%2Fcomments&post=61"}],"version-history":[{"count":12,"href":"http:\/\/hannberg.com\/index.php?rest_route=\/wp\/v2\/pages\/61\/revisions"}],"predecessor-version":[{"id":897,"href":"http:\/\/hannberg.com\/index.php?rest_route=\/wp\/v2\/pages\/61\/revisions\/897"}],"wp:attachment":[{"href":"http:\/\/hannberg.com\/index.php?rest_route=%2Fwp%2Fv2%2Fmedia&parent=61"}],"curies":[{"name":"wp","href":"https:\/\/api.w.org\/{rel}","templated":true}]}}